{"id":22052,"date":"2025-11-27T10:07:29","date_gmt":"2025-11-27T10:07:29","guid":{"rendered":"https:\/\/www.ariannerelocation.com\/?page_id=22052"},"modified":"2026-01-11T22:22:12","modified_gmt":"2026-01-11T22:22:12","slug":"montreal-immobiler","status":"publish","type":"page","link":"https:\/\/www.ariannerelocation.com\/fr\/property-advisory\/montreal-immobiler\/","title":{"rendered":"Montreal immobiler"},"content":{"rendered":"<p><div class=\"fusion-fullwidth fullwidth-box fusion-builder-row-1 has-pattern-background has-mask-background fusion-parallax-none al_home_top nonhundred-percent-fullwidth non-hundred-percent-height-scrolling\" style=\"--awb-border-radius-top-left:0px;--awb-border-radius-top-right:0px;--awb-border-radius-bottom-right:0px;--awb-border-radius-bottom-left:0px;--awb-padding-top:100px;--awb-padding-right:0px;--awb-padding-bottom:100px;--awb-padding-left:0px;--awb-background-color:rgba(0,0,0,0);--awb-background-image:linear-gradient(180deg, rgba(0,0,0,0.44) 0%,rgba(0,0,0,0.04) 100%),url(https:\/\/ariannerelocation.com\/wp-content\/uploads\/2025\/11\/iStock_000002110509_Full-scaled.jpg);;--awb-background-size:cover;--awb-flex-wrap:wrap;\" ><div class=\"fusion-builder-row fusion-row\"><div class=\"fusion-layout-column fusion_builder_column fusion-builder-column-0 fusion_builder_column_1_1 1_1 fusion-one-full fusion-column-first fusion-column-last\" style=\"--awb-padding-right:50px;--awb-bg-blend:overlay;--awb-bg-size:cover;\"><div class=\"fusion-column-wrapper fusion-flex-column-wrapper-legacy\"><div class=\"fusion-column-content-centered\"><div class=\"fusion-column-content\"><div class=\"fusion-text fusion-text-1\" style=\"--awb-content-alignment:right;--awb-font-size:38px;--awb-text-transform:uppercase;--awb-text-color:#ffffff;\"><p><strong data-start=\"613\" data-end=\"682\" data-is-only-node=\"\">L\u2019expertise qu\u2019il faut pour acheter la bonne propri\u00e9t\u00e9 \u00e0 Montr\u00e9al<\/strong><\/p>\n<\/div><div class=\"fusion-text fusion-text-2 fusion-text-no-margin\" style=\"--awb-text-color:#ffffff;--awb-margin-bottom:30px;\"><p style=\"text-align: right; text-shadow: 2px 2px 3px #000;\"><span style=\"color: #ffffff;\"><b><strong>Depuis 28 ans, nous soutenons les nouveaux arrivants, les cadres et les familles dans leurs choix de quartier, d\u2019\u00e9cole et de propri\u00e9t\u00e9 \u00e0 Montr\u00e9al..<\/strong><\/b><\/span><\/p>\n<\/div><div class=\"fusion-alignright\"><a class=\"fusion-button button-flat button-medium button-custom fusion-button-default button-1 fusion-button-default-span fusion-button-default-type\" style=\"--button_accent_color:#ffffff;--button_border_color:rgba(255,255,255,0);--button_accent_hover_color:#ffffff;--button_border_hover_color:rgba(255,255,255,0.33);--button_border_width-top:1px;--button_border_width-right:1px;--button_border_width-bottom:1px;--button_border_width-left:1px;--button_gradient_top_color:#be1e2d;--button_gradient_bottom_color:#be1e2d;--button_gradient_top_color_hover:#be1e2d;--button_gradient_bottom_color_hover:#be1e2d;--button_text_transform:uppercase;--button_typography-letter-spacing:1.4px;\" target=\"_self\" href=\"https:\/\/calendly.com\/ariannerelocation\/45-min-tele-consultation-arianne-relocation-canada\"><i class=\"fa-phone-volume fas awb-button__icon awb-button__icon--default button-icon-left\" aria-hidden=\"true\"><\/i><span class=\"fusion-button-text awb-button__text awb-button__text--default\">Commencez par un appel-conseil<\/span><\/a><\/div><div class=\"fusion-text fusion-text-3 fusion-text-no-margin\" style=\"--awb-text-color:#ffffff;--awb-margin-top:100px;--awb-margin-bottom:30px;\"><p style=\"text-align: right; text-shadow: 2px 2px 3px #000;\"><span style=\"color: #ffffff;\"><b><strong>Prenez des d\u00e9cisions \u00e9clair\u00e9es, accompagn\u00e9 d\u2019un conseiller de confiance.<\/strong><\/b><\/span><\/p>\n<\/div><\/div><\/div><div class=\"fusion-clearfix\"><\/div><\/div><\/div><\/div><\/div><div class=\"fusion-fullwidth fullwidth-box fusion-builder-row-2 nonhundred-percent-fullwidth non-hundred-percent-height-scrolling\" style=\"--awb-border-radius-top-left:0px;--awb-border-radius-top-right:0px;--awb-border-radius-bottom-right:0px;--awb-border-radius-bottom-left:0px;--awb-margin-top:30px;--awb-flex-wrap:wrap;\" ><div class=\"fusion-builder-row fusion-row\"><div class=\"fusion-layout-column fusion_builder_column fusion-builder-column-1 fusion_builder_column_1_1 1_1 fusion-one-full fusion-column-first fusion-column-last\" style=\"--awb-bg-blend:overlay;--awb-bg-size:cover;\"><div class=\"fusion-column-wrapper fusion-flex-column-wrapper-legacy\"><div class=\"fusion-title title fusion-title-1 sep-underline sep-solid fusion-title-text fusion-title-size-two\" style=\"--awb-sep-color:#be1e2d;\"><h2 class=\"fusion-title-heading title-heading-left\" style=\"margin:0;\"><h2>Commencez avec une vision claire, des rep\u00e8res solides et une approche structur\u00e9e du march\u00e9 montr\u00e9alais.<\/h2><\/h2><\/div><div class=\"fusion-clearfix\"><\/div><\/div><\/div><div class=\"fusion-layout-column fusion_builder_column fusion-builder-column-2 fusion_builder_column_1_2 1_2 fusion-one-half fusion-column-first\" style=\"--awb-bg-blend:overlay;--awb-bg-size:cover;width:50%;width:calc(50% - ( ( 4% ) * 0.5 ) );margin-right: 4%;\" data-scroll-devices=\"small-visibility,medium-visibility,large-visibility\"><div class=\"fusion-column-wrapper fusion-column-has-shadow fusion-flex-column-wrapper-legacy\"><div class=\"fusion-content-boxes content-boxes columns row fusion-columns-1 fusion-columns-total-1 fusion-content-boxes-1 content-boxes-icon-with-title content-left\" style=\"--awb-title-color:#be1e2d;--awb-margin-top:30px;--awb-hover-accent-color:#be1e2d;--awb-circle-hover-accent-color:#be1e2d;--awb-item-margin-bottom:40px;\" data-animationOffset=\"top-into-view\"><div style=\"--awb-backgroundcolor:rgba(255,255,255,0);\" class=\"fusion-column content-box-column content-box-column content-box-column-1 col-lg-12 col-md-12 col-sm-12 fusion-content-box-hover content-box-column-last content-box-column-last-in-row\"><div class=\"col content-box-wrapper content-wrapper link-area-link-icon icon-hover-animation-fade\" data-animationOffset=\"top-into-view\"><div class=\"heading icon-left\"><h3 class=\"content-box-heading\" style=\"--h3_typography-font-size:18px;line-height:23px;\">Nous guidons nos clients gr\u00e2ce \u00e0 une connaissance approfondie du march\u00e9 local, une vision claire et un accompagnement strat\u00e9gique, afin qu\u2019ils prennent des d\u00e9cisions immobili\u00e8res \u00e9clair\u00e9es \u00e0 Montr\u00e9al.<\/h3><\/div><div class=\"fusion-clearfix\"><\/div><div class=\"content-container\">\n<p data-start=\"138\" data-end=\"638\">Acheter une propri\u00e9t\u00e9 \u00e0 Montr\u00e9al va bien au-del\u00e0 de la simple consultation des inscriptions. Les quartiers, les options scolaires, les r\u00e8gles de zonage et le processus d\u2019achat diff\u00e8rent sensiblement de ceux des autres provinces et de nombreux pays. Que vous arriviez de l\u2019\u00e9tranger, que vous d\u00e9m\u00e9nagiez d\u2019une autre r\u00e9gion du Canada, que vous passiez de la location \u00e0 la propri\u00e9t\u00e9 ou que vous recherchiez simplement un accompagnement de niveau sup\u00e9rieur, la courbe d\u2019apprentissage peut \u00eatre importante.<\/p>\n<p data-start=\"640\" data-end=\"929\">Le choix des \u00e9coles influence souvent le choix du quartier pour les familles. \u00c0 Montr\u00e9al, les r\u00e9seaux francophone, anglophone, bilingue et international ont chacun leurs propres r\u00e8gles de zonage et crit\u00e8res d\u2019admission, ce qui peut avoir un impact direct sur la planification \u00e0 long terme.<\/p>\n<p data-start=\"931\" data-end=\"1457\">Bon nombre de nos clients sont des cadres en affectation internationale ou des professionnels appel\u00e9s \u00e0 se relocaliser \u00e0 nouveau dans le futur. Leurs d\u00e9cisions immobili\u00e8res doivent donc concilier qualit\u00e9 de vie et valeur \u00e0 long terme. Nous portons une attention particuli\u00e8re \u00e0 la r\u00e9silience des quartiers, ainsi qu\u2019aux types de propri\u00e9t\u00e9s et aux emplacements qui ont historiquement bien conserv\u00e9 leur valeur, afin de r\u00e9duire les risques pour les clients qui savent qu\u2019ils pourraient devoir revendre dans les prochaines ann\u00e9es.<\/p>\n<p data-start=\"1459\" data-end=\"1728\">Forts de 28 ann\u00e9es d\u2019accompagnement aupr\u00e8s de nouveaux arrivants, de cadres et de familles montr\u00e9alaises, nous apportons de la clart\u00e9 \u00e0 ces d\u00e9cisions et vous aidons \u00e0 avancer avec confiance, gr\u00e2ce \u00e0 une connaissance approfondie du march\u00e9 local et \u00e0 un parcours \u00e9prouv\u00e9.<\/p>\n<\/div><\/div><\/div><div class=\"fusion-clearfix\"><\/div><\/div><div class=\"fusion-image-element in-legacy-container\" style=\"--awb-margin-top:0px;--awb-margin-right:0px;--awb-margin-bottom:0px;--awb-margin-left:0px;--awb-caption-title-font-family:var(--h2_typography-font-family);--awb-caption-title-font-weight:var(--h2_typography-font-weight);--awb-caption-title-font-style:var(--h2_typography-font-style);--awb-caption-title-size:var(--h2_typography-font-size);--awb-caption-title-transform:var(--h2_typography-text-transform);--awb-caption-title-line-height:var(--h2_typography-line-height);--awb-caption-title-letter-spacing:var(--h2_typography-letter-spacing);\"><span class=\" fusion-imageframe imageframe-none imageframe-1 hover-type-none\"><img decoding=\"async\" width=\"1200\" height=\"800\" alt=\"Luxury Condo Montreal Quebec Canada\" title=\"Luxury Condo Montreal Quebec Canada\" src=\"https:\/\/ariannerelocation.com\/wp-content\/uploads\/2025\/11\/Luxury-Condo-Montreal-Quebec-Canada.jpeg\" class=\"img-responsive wp-image-21938\" srcset=\"https:\/\/ariannerelocation.com\/wp-content\/uploads\/2025\/11\/Luxury-Condo-Montreal-Quebec-Canada-200x133.jpeg 200w, https:\/\/ariannerelocation.com\/wp-content\/uploads\/2025\/11\/Luxury-Condo-Montreal-Quebec-Canada-400x267.jpeg 400w, https:\/\/ariannerelocation.com\/wp-content\/uploads\/2025\/11\/Luxury-Condo-Montreal-Quebec-Canada-600x400.jpeg 600w, https:\/\/ariannerelocation.com\/wp-content\/uploads\/2025\/11\/Luxury-Condo-Montreal-Quebec-Canada-800x533.jpeg 800w, https:\/\/ariannerelocation.com\/wp-content\/uploads\/2025\/11\/Luxury-Condo-Montreal-Quebec-Canada.jpeg 1200w\" sizes=\"(max-width: 800px) 100vw, 600px\" \/><\/span><\/div><div class=\"fusion-clearfix\"><\/div><\/div><\/div><div class=\"fusion-layout-column fusion_builder_column fusion-builder-column-3 fusion_builder_column_1_2 1_2 fusion-one-half fusion-column-last\" style=\"--awb-bg-blend:overlay;--awb-bg-size:cover;width:50%;width:calc(50% - ( ( 4% ) * 0.5 ) );\"><div class=\"fusion-column-wrapper fusion-flex-column-wrapper-legacy\"><div class=\"fusion-menu-anchor\" id=\"roadmap\"><\/div><div class=\"fusion-content-boxes content-boxes columns row fusion-columns-1 fusion-columns-total-1 fusion-content-boxes-2 content-boxes-icon-with-title content-left\" style=\"--awb-backgroundcolor:var(--awb-color2);--awb-title-color:#be1e2d;--awb-margin-top:0px;--awb-margin-bottom:0px;--awb-hover-accent-color:#be1e2d;--awb-circle-hover-accent-color:#be1e2d;--awb-item-margin-bottom:40px;\" data-animationOffset=\"top-into-view\"><div style=\"--awb-backgroundcolor:var(--awb-color2);\" class=\"fusion-column content-box-column content-box-column content-box-column-1 col-lg-12 col-md-12 col-sm-12 fusion-content-box-hover content-box-column-last content-box-column-last-in-row\"><div class=\"col content-box-wrapper content-wrapper-background link-area-link-icon icon-hover-animation-fade\" data-animationOffset=\"top-into-view\"><div class=\"heading heading-with-icon icon-left\"><div class=\"icon\"><i style=\"border-color:var(--awb-color7);border-width:1px;background-color:var(--awb-color7);box-sizing:content-box;height:42px;width:42px;line-height:42px;border-radius:50%;font-size:21px;\" aria-hidden=\"true\" class=\"fontawesome-icon fa-file-alt far circle-yes\"><\/i><\/div><h3 class=\"content-box-heading\" style=\"--h3_typography-font-size:18px;line-height:23px;\">Guide strat\u00e9gique d\u2019achat immobilier \u00e0 Montr\u00e9al<\/h3><\/div><div class=\"fusion-clearfix\"><\/div><div class=\"content-container\">\n<p>Un guide ex\u00e9cutif structur\u00e9 de 44 pages, con\u00e7u pour vous fournir l\u2019intelligence de march\u00e9 essentielle avant d\u2019acheter une propri\u00e9t\u00e9 \u00e0 Montr\u00e9al. Il r\u00e9unit une connaissance fine du terrain, une lecture claire des quartiers, des rep\u00e8res scolaires et une explication structur\u00e9e du processus d\u2019achat au Qu\u00e9bec, afin de vous permettre de prendre des d\u00e9cisions \u00e9clair\u00e9es d\u00e8s le d\u00e9part.<\/p>\n<p><strong>Ce que vous trouverez dans le guide :<\/strong><\/p>\n<ul>\n<li>Une vue d\u2019ensemble du fonctionnement du march\u00e9 immobilier montr\u00e9alais et de ce qui le distingue dans le contexte qu\u00e9b\u00e9cois<\/li>\n<li>Un cadre clair pour comprendre les principaux types de quartiers et d\u2019emplacements \u00e0 consid\u00e9rer<\/li>\n<li>Ce que vous pouvez r\u00e9alistement attendre selon les diff\u00e9rentes fourchettes de prix dans les secteurs cl\u00e9s de la ville<\/li>\n<li>Une explication \u00e9tape par \u00e9tape du processus d\u2019achat au Qu\u00e9bec et des principaux documents requis<\/li>\n<li>Une introduction aux types de propri\u00e9t\u00e9s et aux structures de propri\u00e9t\u00e9 (maisons unifamiliales, copropri\u00e9t\u00e9s divises et indivises, plex)<\/li>\n<li>Les consid\u00e9rations scolaires, de style de vie et pratiques qui influencent le choix d\u2019un quartier<\/li>\n<li>Les pi\u00e8ges courants et les angles morts fr\u00e9quents chez les acheteurs nouveaux sur le march\u00e9 montr\u00e9alais<\/li>\n<\/ul>\n<p><strong>Une premi\u00e8re \u00e9tape utile :<\/strong><\/p>\n<p>Ce guide s\u2019adresse particuli\u00e8rement aux nouveaux arrivants, aux cadres en affectation, aux acheteurs provenant d\u2019autres provinces et aux familles montr\u00e9alaises qui souhaitent b\u00e9n\u00e9ficier d\u2019un accompagnement de haut niveau avant de visiter des propri\u00e9t\u00e9s.<\/p>\n<p><strong>Demandez votre Guide d\u2019acquisition immobili\u00e8re \u00e0 Montr\u00e9al<\/strong>\n<div class=\"wpcf7 no-js\" id=\"wpcf7-f22236-o1\" lang=\"fr-FR\" dir=\"ltr\" data-wpcf7-id=\"22236\">\n<div class=\"screen-reader-response\"><p role=\"status\" aria-live=\"polite\" aria-atomic=\"true\"><\/p> <ul><\/ul><\/div>\n<form action=\"\/fr\/wp-json\/wp\/v2\/pages\/22052#wpcf7-f22236-o1\" method=\"post\" class=\"wpcf7-form init\" aria-label=\"Formulaire de contact\" novalidate=\"novalidate\" data-status=\"init\">\n<fieldset class=\"hidden-fields-container\"><input type=\"hidden\" name=\"_wpcf7\" value=\"22236\" \/><input type=\"hidden\" name=\"_wpcf7_version\" value=\"6.1.5\" \/><input type=\"hidden\" name=\"_wpcf7_locale\" value=\"fr_FR\" \/><input type=\"hidden\" name=\"_wpcf7_unit_tag\" value=\"wpcf7-f22236-o1\" \/><input type=\"hidden\" name=\"_wpcf7_container_post\" value=\"0\" \/><input type=\"hidden\" name=\"_wpcf7_posted_data_hash\" value=\"\" \/><input type=\"hidden\" name=\"_cf7a__timestamp\" value=\"dkFsISV0YTW+Ne8qsdrf4w==\" \/><input type=\"hidden\" name=\"_cf7a_version\" value=\"1.0\" \/><input type=\"hidden\" name=\"_cf7a_address\" value=\"\" \/><input type=\"hidden\" name=\"_cf7a_referer\" value=\"\" \/><input type=\"hidden\" name=\"_cf7a_protocol\" value=\"\" \/><input type=\"hidden\" name=\"_cf7a_bot_fingerprint\" value=\"dkFsISV0YTW+Ne8qsdrf4w==\" \/><input type=\"hidden\" name=\"_cf7a_bot_fingerprint_extras\" \/><input type=\"hidden\" name=\"_cf7a_append_on_submit\" \/>\n<\/fieldset>\n<p><label> Votre pr\u00e9nom ?<br \/>\n<span class=\"wpcf7-form-control-wrap\" data-name=\"contact-fname\"><input size=\"40\" maxlength=\"400\" class=\"wpcf7-form-control wpcf7-text wpcf7-validates-as-required\" aria-required=\"true\" aria-invalid=\"false\" placeholder=\"Pr\u00e9nom\" value=\"\" type=\"text\" name=\"contact-fname\" \/><input type=\"text\" name=\"name\" value=\"\" autocomplete=\"fill\" class=\"fit-the-fullspace\" aria-hidden=\"true\" tabindex=\"-1\" \/><\/span> <\/label>\n<\/p>\n<p><label> Courriel<br \/>\n<span class=\"wpcf7-form-control-wrap\" data-name=\"contact-email\"><input size=\"40\" maxlength=\"400\" class=\"wpcf7-form-control wpcf7-email wpcf7-validates-as-required wpcf7-text wpcf7-validates-as-email\" aria-required=\"true\" aria-invalid=\"false\" placeholder=\"Tapez votre adresse courriel ici.\" value=\"\" type=\"email\" name=\"contact-email\" \/><\/span> <\/label>\n<\/p>\n<div class=\"contactform_concern\">\n\t<p>En cliquant sur le bouton ci-dessous, vous confirmez que vous avez lu et accept\u00e9 nos <a href=\"\/web-policies\/\" target=\"_blank\"> Conditions d'utilisation<\/a>, et que vous avez lu notre <a href=\"\/web-policies\/\" target=\"_blank\"> Politique de confidentialit\u00e9<\/a>. Vous consentez \u00e9galement \u00e0 recevoir des communications par courriel de la part d\u2019ARIANNE Relocation Canada et de Groupe \u00c9lite Canada. Vous pouvez vous d\u00e9sabonner en tout temps.\n\t<\/p>\n<\/div>\n<p><input class=\"wpcf7-form-control wpcf7-submit has-spinner\" type=\"submit\" value=\"OBTENEZ VOTRE GUIDE D&#039;ACHAT IMMOBILIER \u00c0 MONTR\u00c9AL\" \/>\n<\/p><div class=\"wpcf7-response-output\" aria-hidden=\"true\"><\/div>\n<\/form>\n<\/div>\n\n<p>Explorez vos options avec un conseiller de confiance \u00e0 vos c\u00f4t\u00e9s.<\/p>\n<\/div><\/div><\/div><div class=\"fusion-clearfix\"><\/div><\/div><div class=\"fusion-clearfix\"><\/div><\/div><\/div><\/div><\/div><div class=\"fusion-fullwidth fullwidth-box fusion-builder-row-3 has-pattern-background has-mask-background nonhundred-percent-fullwidth non-hundred-percent-height-scrolling\" style=\"--awb-border-radius-top-left:0px;--awb-border-radius-top-right:0px;--awb-border-radius-bottom-right:0px;--awb-border-radius-bottom-left:0px;--awb-margin-top:30px;--awb-background-color:var(--awb-custom17);--awb-flex-wrap:wrap;\" ><div class=\"fusion-builder-row fusion-row\"><div class=\"fusion-layout-column fusion_builder_column fusion-builder-column-4 fusion_builder_column_1_1 1_1 fusion-one-full fusion-column-first fusion-column-last\" style=\"--awb-bg-blend:overlay;--awb-bg-size:cover;\"><div class=\"fusion-column-wrapper fusion-flex-column-wrapper-legacy\"><div class=\"fusion-title title fusion-title-2 sep-underline sep-solid fusion-title-text fusion-title-size-two\" style=\"--awb-sep-color:#be1e2d;\"><h2 class=\"fusion-title-heading title-heading-left\" style=\"margin:0;\"><h2>Consultez une experte de confiance en immobilier et relocalisation \u00e0 Montr\u00e9al<\/h2><\/h2><\/div><div class=\"fusion-clearfix\"><\/div><\/div><\/div><div class=\"fusion-layout-column fusion_builder_column fusion-builder-column-5 fusion_builder_column_1_3 1_3 fusion-one-third fusion-column-first\" style=\"--awb-bg-blend:overlay;--awb-bg-size:cover;width:33.333333333333%;width:calc(33.333333333333% - ( ( 4% ) * 0.33333333333333 ) );margin-right: 4%;\"><div class=\"fusion-column-wrapper fusion-flex-column-wrapper-legacy\"><div class=\"fusion-image-element in-legacy-container\" style=\"--awb-caption-title-font-family:var(--h2_typography-font-family);--awb-caption-title-font-weight:var(--h2_typography-font-weight);--awb-caption-title-font-style:var(--h2_typography-font-style);--awb-caption-title-size:var(--h2_typography-font-size);--awb-caption-title-transform:var(--h2_typography-text-transform);--awb-caption-title-line-height:var(--h2_typography-line-height);--awb-caption-title-letter-spacing:var(--h2_typography-letter-spacing);\"><span class=\" fusion-imageframe imageframe-none imageframe-2 hover-type-none\"><img decoding=\"async\" width=\"1034\" height=\"1034\" alt=\"Manon Dumas\" title=\"Manon Dumas copy\" src=\"https:\/\/ariannerelocation.com\/wp-content\/uploads\/2024\/04\/Manon-Dumas-copy.png\" class=\"img-responsive wp-image-21524\" srcset=\"https:\/\/ariannerelocation.com\/wp-content\/uploads\/2024\/04\/Manon-Dumas-copy-200x200.png 200w, https:\/\/ariannerelocation.com\/wp-content\/uploads\/2024\/04\/Manon-Dumas-copy-400x400.png 400w, https:\/\/ariannerelocation.com\/wp-content\/uploads\/2024\/04\/Manon-Dumas-copy-600x600.png 600w, https:\/\/ariannerelocation.com\/wp-content\/uploads\/2024\/04\/Manon-Dumas-copy-800x800.png 800w, https:\/\/ariannerelocation.com\/wp-content\/uploads\/2024\/04\/Manon-Dumas-copy.png 1034w\" sizes=\"(max-width: 800px) 100vw, 400px\" \/><\/span><\/div><div class=\"fusion-text fusion-text-4\"><h2>Manon Dumas<\/h2>\n<p>&#8211; Fondatrice et pr\u00e9sidente ARIANNE Relocalisation Canada<br \/>\n&#8211; Courtier immobilier r\u00e9sidentiel et commercial agr\u00e9\u00e9 DA &#8211; Group \u00c9lite Canada<br \/>\n&#8211; D\u00e9tentrice de la qualification de dirigeant d\u2019agence<br \/>\n&#8211; Membre de l\u2019OACIQ<br \/>\n&#8211; Sp\u00e9cialiste en mobilit\u00e9 internationale et en accompagnement des nouveaux arrivants<\/p>\n<\/div><div class=\"fusion-clearfix\"><\/div><\/div><\/div><div class=\"fusion-layout-column fusion_builder_column fusion-builder-column-6 fusion_builder_column_2_3 2_3 fusion-two-third fusion-column-last\" style=\"--awb-bg-blend:overlay;--awb-bg-size:cover;width:66.666666666667%;width:calc(66.666666666667% - ( ( 4% ) * 0.66666666666667 ) );\"><div class=\"fusion-column-wrapper fusion-flex-column-wrapper-legacy\"><div class=\"fusion-text fusion-text-5\" style=\"--awb-margin-right:20px;--awb-margin-left:20px;\"><p>N\u00e9e \u00e0 Montr\u00e9al, Manon poss\u00e8de une connaissance approfondie des quartiers de la ville, des syst\u00e8mes scolaires et des dynamiques du march\u00e9 immobilier. Son exp\u00e9rience internationale en Europe, aux \u00c9tats-Unis et en Asie lui apporte une perspective globale sur les besoins r\u00e9els des familles et des cadres lorsqu\u2019il s\u2019agit de choisir le bon quartier et la bonne propri\u00e9t\u00e9.<\/p>\n<p data-start=\"516\" data-end=\"1082\">Depuis 28 ans, elle accompagne des nouveaux arrivants, des cadres et des familles montr\u00e9alaises dans des d\u00e9cisions immobili\u00e8res \u00e0 forts enjeux. Courti\u00e8re immobili\u00e8re agr\u00e9\u00e9e en immobilier r\u00e9sidentiel et commercial, membre de l\u2019OACIQ, et titulaire de la qualification avanc\u00e9e de dirigeante d\u2019agence (DA), elle offre un accompagnement strat\u00e9gique fond\u00e9 sur l\u2019\u00e9thique, la clart\u00e9 et une connaissance profonde du march\u00e9 local acquise au fil des d\u00e9cennies. Son dossier professionnel est irr\u00e9prochable et t\u00e9moigne de plus de vingt ans de pratique reconnue et digne de confiance.<\/p>\n<p data-start=\"1084\" data-end=\"1570\">L\u2019approche conseil de Manon int\u00e8gre l\u2019analyse des quartiers, l\u2019orientation dans les syst\u00e8mes scolaires et les consid\u00e9rations de valeur \u00e0 long terme. Elle travaille \u00e9troitement avec des professionnels \u00e0 mobilit\u00e9 internationale qui anticipent de futures relocalisations et dont les choix immobiliers doivent concilier qualit\u00e9 de vie et potentiel de revente. Son r\u00f4le est de r\u00e9duire l\u2019incertitude, de clarifier les priorit\u00e9s et d\u2019aider ses clients \u00e0 avancer avec confiance et discernement.<\/p>\n<h4>Cet appel s\u2019adresse \u00e0 vous si vous recherchez :<\/h4>\n<ul>\n<li>Une lecture experte des quartiers de Montr\u00e9al, des facteurs de valeur et de l\u2019ad\u00e9quation avec votre mode de vie<\/li>\n<li>Un accompagnement qui int\u00e8gre les \u00e9coles, les trajets quotidiens et les r\u00e9alit\u00e9s de la vie de tous les jours<\/li>\n<li>Une strat\u00e9gie align\u00e9e \u00e0 la fois sur vos objectifs personnels et votre investissement \u00e0 long terme<\/li>\n<li>Un d\u00e9marrage plus rapide et plus assur\u00e9 de votre processus d\u2019acquisition<\/li>\n<\/ul>\n<h4>Un point de d\u00e9part strat\u00e9gique et solidement encadr\u00e9 pour votre recherche immobili\u00e8re \u00e0 Montr\u00e9al.<\/h4>\n<\/div><div class=\"fusion-alignleft\"><a class=\"fusion-button button-flat button-medium button-custom fusion-button-default button-2 fusion-button-default-span fusion-button-default-type\" style=\"--button_accent_color:#ffffff;--button_border_color:rgba(255,255,255,0);--button_accent_hover_color:#ffffff;--button_border_hover_color:rgba(255,255,255,0.33);--button_border_width-top:1px;--button_border_width-right:1px;--button_border_width-bottom:1px;--button_border_width-left:1px;--button_gradient_top_color:#be1e2d;--button_gradient_bottom_color:#be1e2d;--button_gradient_top_color_hover:#be1e2d;--button_gradient_bottom_color_hover:#be1e2d;--button_text_transform:uppercase;--button_typography-letter-spacing:1.4px;--button_margin-right:50px;--button_margin-bottom:50px;\" target=\"_self\" href=\"https:\/\/calendly.com\/ariannerelocation\/45-min-tele-consultation-arianne-relocation-canada\"><i class=\"fa-phone-volume fas awb-button__icon awb-button__icon--default button-icon-left\" aria-hidden=\"true\"><\/i><span class=\"fusion-button-text awb-button__text awb-button__text--default\">Passez \u00e0 l\u2019\u00e9tape suivante avec un appel strat\u00e9gique<\/span><\/a><\/div><div class=\"fusion-clearfix\"><\/div><\/div><\/div><\/div><\/div><div class=\"fusion-fullwidth fullwidth-box fusion-builder-row-4 has-pattern-background has-mask-background nonhundred-percent-fullwidth non-hundred-percent-height-scrolling\" style=\"--awb-border-radius-top-left:0px;--awb-border-radius-top-right:0px;--awb-border-radius-bottom-right:0px;--awb-border-radius-bottom-left:0px;--awb-margin-top:50px;--awb-flex-wrap:wrap;\" ><div class=\"fusion-builder-row fusion-row\"><div class=\"fusion-layout-column fusion_builder_column fusion-builder-column-7 fusion_builder_column_1_1 1_1 fusion-one-full fusion-column-first fusion-column-last\" style=\"--awb-bg-size:cover;\"><div class=\"fusion-column-wrapper fusion-flex-column-wrapper-legacy\"><div class=\"fusion-title title fusion-title-3 sep-underline sep-solid fusion-title-text fusion-title-size-one\" style=\"--awb-sep-color:#be1e2d;\"><h1 class=\"fusion-title-heading title-heading-left\" style=\"margin:0;\">Une approche de conseil immobilier qui se distingue<\/h1><\/div><div class=\"fusion-text fusion-text-6\"><p>Une expertise qui va bien au-del\u00e0 du conseil immobilier traditionnel.<\/p>\n<\/div><div class=\"fusion-clearfix\"><\/div><\/div><\/div><div class=\"fusion-layout-column fusion_builder_column fusion-builder-column-8 fusion_builder_column_1_3 1_3 fusion-one-third fusion-column-first\" style=\"--awb-bg-size:cover;width:33.333333333333%;width:calc(33.333333333333% - ( ( 4% + 4% ) * 0.33333333333333 ) );margin-right: 4%;\"><div class=\"fusion-column-wrapper fusion-column-has-shadow fusion-flex-column-wrapper-legacy\"><div class=\"fusion-content-boxes content-boxes columns row fusion-columns-1 fusion-columns-total-1 fusion-content-boxes-3 content-boxes-icon-with-title content-left\" style=\"--awb-hover-accent-color:#47bfc2;--awb-circle-hover-accent-color:#47bfc2;--awb-item-margin-bottom:40px;\" data-animationOffset=\"top-into-view\"><div style=\"--awb-backgroundcolor:rgba(255,255,255,0);\" class=\"fusion-column content-box-column content-box-column content-box-column-1 col-lg-12 col-md-12 col-sm-12 fusion-content-box-hover content-box-column-last content-box-column-last-in-row\"><div class=\"col content-box-wrapper content-wrapper link-area-link-icon icon-hover-animation-fade\" data-animationOffset=\"top-into-view\"><div class=\"heading heading-with-icon icon-left\"><div aria-hidden=\"true\" class=\"image\"><img decoding=\"async\" src=\"https:\/\/ariannerelocation.com\/wp-content\/uploads\/ICONS\/icon-1.1.png\" width=\"140\" height=\"140\" alt=\"\" \/><\/div><h2 class=\"content-box-heading\" style=\"--h2_typography-font-size:26px;line-height:31px;\">Ma\u00eetrise du march\u00e9 local<\/h2><\/div><div class=\"fusion-clearfix\"><\/div><div class=\"content-container\">\n<p>28 ans d\u2019expertise des quartiers, des \u00e9coles et du march\u00e9 immobilier montr\u00e9alais<\/p>\n<\/div><\/div><\/div><div class=\"fusion-clearfix\"><\/div><\/div><div class=\"fusion-clearfix\"><\/div><\/div><\/div><div class=\"fusion-layout-column fusion_builder_column fusion-builder-column-9 fusion_builder_column_1_3 1_3 fusion-one-third\" style=\"--awb-bg-size:cover;width:33.333333333333%;width:calc(33.333333333333% - ( ( 4% + 4% ) * 0.33333333333333 ) );margin-right: 4%;\"><div class=\"fusion-column-wrapper fusion-column-has-shadow fusion-flex-column-wrapper-legacy\"><div class=\"fusion-content-boxes content-boxes columns row fusion-columns-1 fusion-columns-total-1 fusion-content-boxes-4 content-boxes-icon-with-title content-left\" style=\"--awb-hover-accent-color:#47bfc2;--awb-circle-hover-accent-color:#47bfc2;--awb-item-margin-bottom:40px;\" data-animationOffset=\"top-into-view\"><div style=\"--awb-backgroundcolor:rgba(255,255,255,0);\" class=\"fusion-column content-box-column content-box-column content-box-column-1 col-lg-12 col-md-12 col-sm-12 fusion-content-box-hover content-box-column-last content-box-column-last-in-row\"><div class=\"col content-box-wrapper content-wrapper link-area-link-icon icon-hover-animation-fade\" data-animationOffset=\"top-into-view\"><div class=\"heading heading-with-icon icon-left\"><div aria-hidden=\"true\" class=\"image\"><img decoding=\"async\" src=\"https:\/\/ariannerelocation.com\/wp-content\/uploads\/ICONS\/icon-2.1.png\" width=\"140\" height=\"140\" alt=\"\" \/><\/div><h2 class=\"content-box-heading\" style=\"--h2_typography-font-size:26px;line-height:31px;\">Expertise en acquisition immobili\u00e8re<\/h2><\/div><div class=\"fusion-clearfix\"><\/div><div class=\"content-container\">\n<p>Courtiers immobiliers agr\u00e9\u00e9s OACIQ, avec des d\u00e9cennies d\u2019exp\u00e9rience \u00e0 conseiller des professionnels et des cadres lors de relocalisations et d\u2019acquisitions d\u2019envergure<\/p>\n<\/div><\/div><\/div><div class=\"fusion-clearfix\"><\/div><\/div><div class=\"fusion-clearfix\"><\/div><\/div><\/div><div class=\"fusion-layout-column fusion_builder_column fusion-builder-column-10 fusion_builder_column_1_3 1_3 fusion-one-third fusion-column-last\" style=\"--awb-bg-size:cover;width:33.333333333333%;width:calc(33.333333333333% - ( ( 4% + 4% ) * 0.33333333333333 ) );\"><div class=\"fusion-column-wrapper fusion-column-has-shadow fusion-flex-column-wrapper-legacy\"><div class=\"fusion-content-boxes content-boxes columns row fusion-columns-1 fusion-columns-total-1 fusion-content-boxes-5 content-boxes-icon-with-title content-left\" style=\"--awb-hover-accent-color:#47bfc2;--awb-circle-hover-accent-color:#47bfc2;--awb-item-margin-bottom:40px;\" data-animationOffset=\"top-into-view\"><div style=\"--awb-backgroundcolor:rgba(255,255,255,0);\" class=\"fusion-column content-box-column content-box-column content-box-column-1 col-lg-12 col-md-12 col-sm-12 fusion-content-box-hover content-box-column-last content-box-column-last-in-row\"><div class=\"col content-box-wrapper content-wrapper link-area-link-icon icon-hover-animation-fade\" data-animationOffset=\"top-into-view\"><div class=\"heading heading-with-icon icon-left\"><div aria-hidden=\"true\" class=\"image\"><img decoding=\"async\" src=\"https:\/\/ariannerelocation.com\/wp-content\/uploads\/ICONS\/icon-3.1.png\" width=\"140\" height=\"140\" alt=\"\" \/><\/div><h2 class=\"content-box-heading\" style=\"--h2_typography-font-size:26px;line-height:31px;\">Compr\u00e9hension des enjeux des nouveaux arrivants<\/h2><\/div><div class=\"fusion-clearfix\"><\/div><div class=\"content-container\">\n<p>Une solide exp\u00e9rience en relocalisation et en mobilit\u00e9 internationale qui permet de comprendre clairement ce dont les professionnels et les familles \u00e0 mobilit\u00e9 internationale ont r\u00e9ellement besoin lorsqu\u2019ils \u00e9valuent une nouvelle ville, un syst\u00e8me scolaire et un investissement \u00e0 long terme.y<\/p>\n<\/div><\/div><\/div><div class=\"fusion-clearfix\"><\/div><\/div><div class=\"fusion-clearfix\"><\/div><\/div><\/div><\/div><\/div><div class=\"fusion-fullwidth fullwidth-box fusion-builder-row-5 fusion-parallax-none nonhundred-percent-fullwidth non-hundred-percent-height-scrolling\" style=\"--awb-background-position:left top;--awb-background-repeat:repeat;--awb-border-radius-top-left:0px;--awb-border-radius-top-right:0px;--awb-border-radius-bottom-right:0px;--awb-border-radius-bottom-left:0px;--awb-padding-top:0px;--awb-padding-right:0px;--awb-padding-bottom:50px;--awb-padding-left:0px;--awb-margin-top:50px;--awb-margin-bottom:0px;--awb-background-color:#fcf3e0;--awb-background-image:url(&quot;https:\/\/ariannerelocation.com\/wp-content\/uploads\/2017\/06\/2ff07e20.png&quot;);--awb-flex-wrap:wrap;\" ><div class=\"fusion-builder-row fusion-row\"><div class=\"fusion-layout-column fusion_builder_column fusion-builder-column-11 fusion_builder_column_1_1 1_1 fusion-one-full fusion-column-first fusion-column-last\" style=\"--awb-padding-top:30px;--awb-bg-size:cover;\"><div class=\"fusion-column-wrapper fusion-flex-column-wrapper-legacy\"><div class=\"fusion-title title fusion-title-4 sep-underline sep-solid fusion-title-text fusion-title-size-one\" style=\"--awb-sep-color:#be1e2d;\"><h1 class=\"fusion-title-heading title-heading-left\" style=\"margin:0;\">T\u00e9moignages<\/h1><\/div><div class=\"fusion-text fusion-text-7\"><p>Choisie par ceux qui recherchent clart\u00e9, confiance et expertise pour acheter \u00e0 Mont<\/p>\n<\/div><div class=\"fusion-clearfix\"><\/div><\/div><\/div><div class=\"fusion-layout-column fusion_builder_column fusion-builder-column-12 fusion_builder_column_1_3 1_3 fusion-one-third fusion-column-first\" style=\"--awb-bg-size:cover;width:33.333333333333%;width:calc(33.333333333333% - ( ( 4% + 4% ) * 0.33333333333333 ) );margin-right: 4%;\"><div class=\"fusion-column-wrapper fusion-column-has-shadow fusion-flex-column-wrapper-legacy\"><div class=\"fusion-testimonials classic awb-speech-bubble-show fusion-testimonials-1\" style=\"--awb-textcolor:#747474;--awb-backgroundcolor:#f6f6f6;--awb-margin-top:30px;--awb-margin-bottom:40px;--awb-testimonial-border-style:solid;--awb-testimonial-border-color:var(--awb-color3);--awb-navigation-size:12px;--awb-border-top-left-radius:0px;--awb-border-top-right-radius:0px;--awb-border-bottom-left-radius:0px;--awb-border-bottom-right-radius:0px;--testimonial-border-width-top:0px;--testimonial-border-width-right:0px;--testimonial-border-width-bottom:0px;--testimonial-border-width-left:0px;\" data-random=\"0\" data-speed=\"7000\"><div class=\"reviews\"><div class=\"review active-testimonial alignment-left avatar-image\"><blockquote><div class=\"awb-quote\"><div class=\"awb-quote-content\">\n<p>\u00ab De nos neuf relocalisations, notre arriv\u00e9e au Canada a \u00e9t\u00e9 la plus fluide et la plus r\u00e9ussie, gr\u00e2ce \u00e0 l\u2019accompagnement d\u2019ARIANNE. \u00bb<\/p>\n<\/div><\/div><span class=\"awb-triangle\"><\/span><\/blockquote><div class=\"author\"><span class=\"testimonial-thumbnail\"><img decoding=\"async\" class=\"testimonial-image\" src=\"https:\/\/ariannerelocation.com\/wp-content\/uploads\/2017\/06\/deborah.jpg\" width=\"300\" height=\"300\" alt=\"Deborah Kemball\" \/><\/span><span class=\"company-name\"><strong>Deborah Kemball<\/strong><\/span><\/div><\/div><\/div><\/div><div class=\"fusion-clearfix\"><\/div><\/div><\/div><div class=\"fusion-layout-column fusion_builder_column fusion-builder-column-13 fusion_builder_column_1_3 1_3 fusion-one-third\" style=\"--awb-bg-size:cover;width:33.333333333333%;width:calc(33.333333333333% - ( ( 4% + 4% ) * 0.33333333333333 ) );margin-right: 4%;\"><div class=\"fusion-column-wrapper fusion-column-has-shadow fusion-flex-column-wrapper-legacy\"><div class=\"fusion-testimonials classic awb-speech-bubble-show fusion-testimonials-2\" style=\"--awb-textcolor:#747474;--awb-backgroundcolor:#f6f6f6;--awb-margin-top:30px;--awb-margin-bottom:40px;--awb-testimonial-border-style:solid;--awb-testimonial-border-color:var(--awb-color3);--awb-navigation-size:12px;--awb-border-top-left-radius:0px;--awb-border-top-right-radius:0px;--awb-border-bottom-left-radius:0px;--awb-border-bottom-right-radius:0px;--testimonial-border-width-top:0px;--testimonial-border-width-right:0px;--testimonial-border-width-bottom:0px;--testimonial-border-width-left:0px;\" data-random=\"0\" data-speed=\"7000\"><div class=\"reviews\"><div class=\"review active-testimonial alignment-left avatar-image\"><blockquote><div class=\"awb-quote\"><div class=\"awb-quote-content\">\n<p>\u00ab Gr\u00e2ce \u00e0 ARIANNE, notre transition de l\u2019Allemagne vers le Canada s\u2019est d\u00e9roul\u00e9e avec fluidit\u00e9, plaisir et succ\u00e8s. \u00bb<\/p>\n<\/div><\/div><span class=\"awb-triangle\"><\/span><\/blockquote><div class=\"author\"><span class=\"testimonial-thumbnail\"><img decoding=\"async\" class=\"testimonial-image\" src=\"https:\/\/ariannerelocation.com\/wp-content\/uploads\/2017\/06\/tarik.jpg\" width=\"300\" height=\"300\" alt=\"Tarik Moroy\" \/><\/span><span class=\"company-name\"><strong>Tarik M\u00f6r\u00f6y<\/strong><\/span><\/div><\/div><\/div><\/div><div class=\"fusion-clearfix\"><\/div><\/div><\/div><div class=\"fusion-layout-column fusion_builder_column fusion-builder-column-14 fusion_builder_column_1_3 1_3 fusion-one-third fusion-column-last\" style=\"--awb-bg-size:cover;width:33.333333333333%;width:calc(33.333333333333% - ( ( 4% + 4% ) * 0.33333333333333 ) );\"><div class=\"fusion-column-wrapper fusion-column-has-shadow fusion-flex-column-wrapper-legacy\"><div class=\"fusion-testimonials classic awb-speech-bubble-show fusion-testimonials-3\" style=\"--awb-textcolor:#747474;--awb-backgroundcolor:#f6f6f6;--awb-margin-top:30px;--awb-margin-bottom:40px;--awb-testimonial-border-style:solid;--awb-testimonial-border-color:var(--awb-color3);--awb-navigation-size:12px;--awb-border-top-left-radius:0px;--awb-border-top-right-radius:0px;--awb-border-bottom-left-radius:0px;--awb-border-bottom-right-radius:0px;--testimonial-border-width-top:0px;--testimonial-border-width-right:0px;--testimonial-border-width-bottom:0px;--testimonial-border-width-left:0px;\" data-random=\"0\" data-speed=\"7000\"><div class=\"reviews\"><div class=\"review active-testimonial alignment-left avatar-image\"><blockquote><div class=\"awb-quote\"><div class=\"awb-quote-content\">\n<p>\u00ab L\u2019accompagnement re\u00e7u a \u00e9t\u00e9 remarquable. Je recommande sans h\u00e9sitation Manon et ARIANNE comme des r\u00e9f\u00e9rences dans leur domaine. \u00bb<\/p>\n<\/div><\/div><span class=\"awb-triangle\"><\/span><\/blockquote><div class=\"author\"><span class=\"testimonial-thumbnail\"><img decoding=\"async\" class=\"testimonial-image\" src=\"https:\/\/ariannerelocation.com\/wp-content\/uploads\/2025\/12\/Anniek-Kindts-300x300.jpeg\" width=\"300\" height=\"300\" alt=\"Anniek Kindts\" \/><\/span><span class=\"company-name\"><strong>Anniek Kindts<\/strong><\/span><\/div><\/div><\/div><\/div><div class=\"fusion-clearfix\"><\/div><\/div><\/div><div class=\"fusion-layout-column fusion_builder_column fusion-builder-column-15 fusion_builder_column_1_3 1_3 fusion-one-third fusion-column-first\" style=\"--awb-bg-size:cover;width:33.333333333333%;width:calc(33.333333333333% - ( ( 4% + 4% ) * 0.33333333333333 ) );margin-right: 4%;\"><div class=\"fusion-column-wrapper fusion-flex-column-wrapper-legacy\"><div class=\"fusion-person person fusion-person-left fusion-person-1 fusion-person-icon-top\" style=\"--awb-pic-style-color:#000000;--awb-pic-borderradius:0px;--awb-margin-top:0px;--awb-margin-right:0px;--awb-margin-bottom:0px;--awb-margin-left:0px;--awb-social-box-border-top:0px;--awb-social-box-border-right:0px;--awb-social-box-border-bottom:0px;--awb-social-box-border-left:0px;--awb-social-box-border-color:var(--awb-color3);--awb-social-box-border-color-hover:var(--awb-color4);--awb-social-box-colors-hover:rgba(232,232,232,0.8);--awb-social-icon-boxed-colors:#e8e8e8;--awb-social-icon-colors:#47bfc2;--awb-social-icon-colors-hover:rgba(71,191,194,0.8);\"><div class=\"person-shortcode-image-wrapper\"><div class=\"person-image-container hover-type-none\" style=\"border:0px solid #f6f6f6;-webkit-border-radius:0px;-moz-border-radius:0px;border-radius:0px;\"><img decoding=\"async\" class=\"person-img img-responsive\" src=\"https:\/\/www.ariannerelocation.com\/wp-content\/uploads\/2017\/06\/deborah.jpg\" alt=\"Deborah Kemball\" \/><\/div><\/div><div class=\"person-desc\"><div class=\"person-author\"><div class=\"person-author-wrapper\"><span class=\"person-name\">Deborah Kemball<\/span><span class=\"person-title\">Deborah Kemball |Artiste. \u00c9pouse de Benjamin Kemball | Pr\u00e9sident et chef de la direction, Imperial Tobacco Canada<\/span><\/div><\/div><div class=\"person-content fusion-clearfix\">\u00ab Notre relocalisation au Canada a \u00e9t\u00e9 notre 9\u00e8me relocalisation en 23 ans et cela fut sans aucun doute, jusqu\u2019ici, la plus facile et la plus agr\u00e9able gr\u00e2ce au professionnalisme exceptionnel d\u2019ARIANNE ainsi que leur attention aux d\u00e9tails. ARIANNE m\u2019a contact\u00e9 en moins de 24 heures apr\u00e8s la confirmation de notre relocalisation afin de conna\u00eetre nos besoins et nos pr\u00e9occupations, ce dont ils se sont imm\u00e9diatement occup\u00e9s. Leur sens du contact personnalis\u00e9 et leur \u00e9quipe profond\u00e9ment humaine ont vraiment pris soin de chaque membre de ma famille, qu\u2019il soit \u00e2g\u00e9 de 5 ans ou de pr\u00e8s de 50 ans. Ainsi, chacun de nos 4 enfants, mon mari et moi-m\u00eame avons tous eu, pour notre nouvelle vie \u00e0 Montr\u00e9al, la plus heureuse des arriv\u00e9es et des relocalisations. \u00bb<\/div><\/div><\/div><div class=\"fusion-clearfix\"><\/div><\/div><\/div><div class=\"fusion-layout-column fusion_builder_column fusion-builder-column-16 fusion_builder_column_1_3 1_3 fusion-one-third\" style=\"--awb-bg-size:cover;width:33.333333333333%;width:calc(33.333333333333% - ( ( 4% + 4% ) * 0.33333333333333 ) );margin-right: 4%;\"><div class=\"fusion-column-wrapper fusion-flex-column-wrapper-legacy\"><div class=\"fusion-person person fusion-person-left fusion-person-2 fusion-person-icon-top\" style=\"--awb-pic-style-color:#000000;--awb-pic-borderradius:0px;--awb-margin-top:0px;--awb-margin-right:0px;--awb-margin-bottom:0px;--awb-margin-left:0px;--awb-social-box-border-top:0px;--awb-social-box-border-right:0px;--awb-social-box-border-bottom:0px;--awb-social-box-border-left:0px;--awb-social-box-border-color:var(--awb-color3);--awb-social-box-border-color-hover:var(--awb-color4);--awb-social-box-colors-hover:rgba(232,232,232,0.8);--awb-social-icon-boxed-colors:#e8e8e8;--awb-social-icon-colors:#47bfc2;--awb-social-icon-colors-hover:rgba(71,191,194,0.8);\"><div class=\"person-shortcode-image-wrapper\"><div class=\"person-image-container hover-type-none\" style=\"border:0px solid #f6f6f6;-webkit-border-radius:0px;-moz-border-radius:0px;border-radius:0px;\"><img decoding=\"async\" class=\"person-img img-responsive\" src=\"https:\/\/www.ariannerelocation.com\/wp-content\/uploads\/2017\/06\/tarik.jpg\" alt=\"Dr Tarik M\u00f6r\u00f6y\" \/><\/div><\/div><div class=\"person-desc\"><div class=\"person-author\"><div class=\"person-author-wrapper\"><span class=\"person-name\">Dr Tarik M\u00f6r\u00f6y<\/span><span class=\"person-title\">Pr\u00e9sident &amp; Directeur scientifique, Institut de recherches cliniques de Montr\u00e9al (IRCM)<\/span><\/div><\/div><div class=\"person-content fusion-clearfix\">\u00ab Pour une famille de cinq personnes, la relocalisation \u00e0 Montr\u00e9al depuis l\u2019Allemagne nous semblait tr\u00e8s difficile. Mais gr\u00e2ce \u00e0 ARIANNE Relocalisation et \u00e0 son \u00e9quipe tr\u00e8s comp\u00e9tente, nous avons trouv\u00e9 une tr\u00e8s belle maison, de bonnes \u00e9coles pour nos enfants et nous avons \u00e9t\u00e9 parfaitement guid\u00e9s dans les m\u00e9andres administratifs locaux ! Gr\u00e2ce aux excellents services d\u2019ARIANNE Relocalisation, notre transition de l\u2019Allemagne vers le Canada fut facile et agr\u00e9able. Leur aide fut essentielle et nous nous sommes parfaitement bien int\u00e9gr\u00e9s au Qu\u00e9bec et \u00e0 Montr\u00e9al. Merci ! \u00bb<\/div><\/div><\/div><div class=\"fusion-clearfix\"><\/div><\/div><\/div><div class=\"fusion-layout-column fusion_builder_column fusion-builder-column-17 fusion_builder_column_1_3 1_3 fusion-one-third fusion-column-last\" style=\"--awb-bg-size:cover;width:33.333333333333%;width:calc(33.333333333333% - ( ( 4% + 4% ) * 0.33333333333333 ) );\"><div class=\"fusion-column-wrapper fusion-flex-column-wrapper-legacy\"><div class=\"fusion-person person fusion-person-left fusion-person-3 fusion-person-icon-top\" style=\"--awb-pic-style-color:#000000;--awb-pic-borderradius:0px;--awb-margin-top:0px;--awb-margin-right:0px;--awb-margin-bottom:0px;--awb-margin-left:0px;--awb-social-box-border-top:0px;--awb-social-box-border-right:0px;--awb-social-box-border-bottom:0px;--awb-social-box-border-left:0px;--awb-social-box-border-color:var(--awb-color3);--awb-social-box-border-color-hover:var(--awb-color4);--awb-social-box-colors-hover:rgba(232,232,232,0.8);--awb-social-icon-boxed-colors:#e8e8e8;--awb-social-icon-colors:#47bfc2;--awb-social-icon-colors-hover:rgba(71,191,194,0.8);\"><div class=\"person-shortcode-image-wrapper\"><div class=\"person-image-container hover-type-none\" style=\"border:0px solid #f6f6f6;-webkit-border-radius:0px;-moz-border-radius:0px;border-radius:0px;\"><img decoding=\"async\" class=\"person-img img-responsive wp-image-22127\" width=\"300\" height=\"300\" src=\"https:\/\/ariannerelocation.com\/wp-content\/uploads\/2025\/12\/Anniek-Kindts-300x300.jpeg\" alt=\"Anniek Kindts\" srcset=\"https:\/\/ariannerelocation.com\/wp-content\/uploads\/2025\/12\/Anniek-Kindts-200x200.jpeg 200w, https:\/\/ariannerelocation.com\/wp-content\/uploads\/2025\/12\/Anniek-Kindts-400x400.jpeg 400w, https:\/\/ariannerelocation.com\/wp-content\/uploads\/2025\/12\/Anniek-Kindts-600x600.jpeg 600w, https:\/\/ariannerelocation.com\/wp-content\/uploads\/2025\/12\/Anniek-Kindts.jpeg 741w\" sizes=\"(max-width: 800px) 100vw, 400px\" \/><\/div><\/div><div class=\"person-desc\"><div class=\"person-author\"><div class=\"person-author-wrapper\"><span class=\"person-name\">Anniek Kindts<\/span><span class=\"person-title\">Chef mondial des marques combustibles \u2013 BAT<\/span><\/div><\/div><div class=\"person-content fusion-clearfix\">\u00ab Manon et son \u00e9quipe chez ARIANNE nous ont accompagn\u00e9s, ma famille et moi, lors de notre relocalisation de l\u2019Angleterre vers Montr\u00e9al, puis lors d\u2019un second d\u00e9m\u00e9nagement \u00e0 l\u2019int\u00e9rieur de Montr\u00e9al. Ayant v\u00e9cu de nombreuses relocalisations \u00e0 travers le monde, je peux affirmer sans h\u00e9sitation que le soutien et le service personnalis\u00e9 que nous avons re\u00e7us ont \u00e9t\u00e9 exceptionnels. Manon et son \u00e9quipe ma\u00eetrisent parfaitement les aspects techniques d\u2019une relocalisation internationale, mais comprennent aussi qu\u2019il s\u2019agit d\u2019une p\u00e9riode tr\u00e8s \u00e9motive et souvent stressante pour le cadre et sa famille. L\u2019accompagnement offert sur ces deux plans a \u00e9t\u00e9 \u00e0 la fois opportun, cr\u00e9atif et d\u2019une grande fluidit\u00e9. Je recommande chaleureusement Manon et ARIANNE comme un prestataire de tout premier plan dans leur domaine. \u00bb<\/div><\/div><\/div><div class=\"fusion-clearfix\"><\/div><\/div><\/div><\/div><\/div><div class=\"fusion-fullwidth fullwidth-box fusion-builder-row-6 has-pattern-background has-mask-background al_home_counters nonhundred-percent-fullwidth non-hundred-percent-height-scrolling\" style=\"--awb-border-sizes-top:1px;--awb-border-sizes-bottom:1px;--awb-border-sizes-left:0px;--awb-border-sizes-right:0px;--awb-border-color:#47bfc2;--awb-border-radius-top-left:0px;--awb-border-radius-top-right:0px;--awb-border-radius-bottom-right:0px;--awb-border-radius-bottom-left:0px;--awb-margin-top:50px;--awb-margin-bottom:0px;--awb-flex-wrap:wrap;\" ><div class=\"fusion-builder-row fusion-row\"><div class=\"fusion-layout-column fusion_builder_column fusion-builder-column-18 fusion_builder_column_1_1 1_1 fusion-one-full fusion-column-first fusion-column-last\" style=\"--awb-bg-blend:overlay;--awb-bg-size:cover;\"><div class=\"fusion-column-wrapper fusion-flex-column-wrapper-legacy\"><div class=\"fusion-counters-box counters-box row fusion-clearfix fusion-columns-3\" style=\"--awb-body-size:16;--awb-border-color:#ffffff;--awb-color:#47bfc2;--awb-title-size:75;--awb-icon-size:40;--awb-border-color:#ffffff;\"><div class=\"fusion-counter-box fusion-column col-counter-box counter-box-wrapper col-lg-4 col-md-4 col-sm-4\" data-animationOffset=\"top-into-view\"><div class=\"counter-box-container\"><div class=\"content-box-percentage content-box-counter\"><i class=\"counter-box-icon fontawesome-icon fa-map-marked-alt fas\" aria-hidden=\"true\"><\/i><span class=\"display-counter\" data-value=\"28\" data-direction=\"up\" data-decimals=\"0\">0<\/span><\/div><div class=\"counter-box-content\">ann\u00e9es d\u2019expertise approfondie des quartiers et du march\u00e9 montr\u00e9alais<\/div><\/div><\/div><div class=\"fusion-counter-box fusion-column col-counter-box counter-box-wrapper col-lg-4 col-md-4 col-sm-4\" data-animationOffset=\"top-into-view\"><div class=\"counter-box-container\"><div class=\"content-box-percentage content-box-counter\"><i class=\"counter-box-icon fontawesome-icon fa-certificate fas\" aria-hidden=\"true\"><\/i><span class=\"display-counter\" data-value=\"20\" data-delimiter=\",\" data-direction=\"up\" data-decimals=\"0\">0<\/span><\/div><div class=\"counter-box-content\">+ ans courtier immobilier r\u00e9sidentiel et commercial agr\u00e9\u00e9 (OACIQ)<\/div><\/div><\/div><div class=\"fusion-counter-box fusion-column col-counter-box counter-box-wrapper col-lg-4 col-md-4 col-sm-4\" data-animationOffset=\"top-into-view\"><div class=\"counter-box-container\"><div class=\"content-box-percentage content-box-counter\"><i class=\"counter-box-icon fontawesome-icon fa-users fas\" aria-hidden=\"true\"><\/i><span class=\"display-counter\" data-value=\"2500\" data-delimiter=\",\" data-direction=\"up\" data-decimals=\"0\">0<\/span><\/div><div class=\"counter-box-content\">+ nouveaux arrivants conseill\u00e9s dans leurs d\u00e9cisions immobili\u00e8res<\/div><\/div><\/div><\/div><div class=\"clearfix\"><\/div><div class=\"fusion-clearfix\"><\/div><\/div><\/div><\/div><\/div><\/p>\n","protected":false},"excerpt":{"rendered":"","protected":false},"author":70,"featured_media":0,"parent":22056,"menu_order":0,"comment_status":"closed","ping_status":"closed","template":"100-width.php","meta":{"_acf_changed":false,"pmpro_default_level":"","footnotes":""},"class_list":["post-22052","page","type-page","status-publish","hentry","pmpro-has-access"],"acf":[],"yoast_head":"<!-- This site is optimized with the Yoast SEO plugin v27.4 - https:\/\/yoast.com\/product\/yoast-seo-wordpress\/ -->\n<title>Montreal immobiler - ARIANNE Relocalisation<\/title>\n<meta name=\"robots\" content=\"index, follow, max-snippet:-1, max-image-preview:large, max-video-preview:-1\" \/>\n<link rel=\"canonical\" href=\"https:\/\/www.ariannerelocation.com\/fr\/property-advisory\/montreal-immobiler\/\" \/>\n<meta property=\"og:locale\" content=\"fr_FR\" \/>\n<meta property=\"og:type\" content=\"article\" \/>\n<meta property=\"og:title\" content=\"Montreal immobiler - ARIANNE Relocalisation\" \/>\n<meta property=\"og:url\" content=\"https:\/\/www.ariannerelocation.com\/fr\/property-advisory\/montreal-immobiler\/\" \/>\n<meta property=\"og:site_name\" content=\"ARIANNE Relocalisation\" \/>\n<meta property=\"article:publisher\" content=\"https:\/\/www.facebook.com\/ariannerelocation\/\" \/>\n<meta property=\"article:modified_time\" content=\"2026-01-11T22:22:12+00:00\" \/>\n<meta property=\"og:image\" content=\"http:\/\/beta1.ariannerelocation.com\/wp-content\/uploads\/2017\/06\/home-1.jpg\" \/>\n<meta name=\"twitter:card\" content=\"summary_large_image\" \/>\n<meta name=\"twitter:label1\" content=\"Dur\u00e9e de lecture estim\u00e9e\" \/>\n\t<meta name=\"twitter:data1\" content=\"9 minutes\" \/>\n<script type=\"application\/ld+json\" class=\"yoast-schema-graph\">{\"@context\":\"https:\\\/\\\/schema.org\",\"@graph\":[{\"@type\":\"WebPage\",\"@id\":\"https:\\\/\\\/www.ariannerelocation.com\\\/fr\\\/property-advisory\\\/montreal-immobiler\\\/\",\"url\":\"https:\\\/\\\/www.ariannerelocation.com\\\/fr\\\/property-advisory\\\/montreal-immobiler\\\/\",\"name\":\"Montreal immobiler - ARIANNE Relocalisation\",\"isPartOf\":{\"@id\":\"https:\\\/\\\/www.ariannerelocation.com\\\/fr\\\/#website\"},\"datePublished\":\"2025-11-27T10:07:29+00:00\",\"dateModified\":\"2026-01-11T22:22:12+00:00\",\"breadcrumb\":{\"@id\":\"https:\\\/\\\/www.ariannerelocation.com\\\/fr\\\/property-advisory\\\/montreal-immobiler\\\/#breadcrumb\"},\"inLanguage\":\"fr-FR\",\"potentialAction\":[{\"@type\":\"ReadAction\",\"target\":[\"https:\\\/\\\/www.ariannerelocation.com\\\/fr\\\/property-advisory\\\/montreal-immobiler\\\/\"]}]},{\"@type\":\"BreadcrumbList\",\"@id\":\"https:\\\/\\\/www.ariannerelocation.com\\\/fr\\\/property-advisory\\\/montreal-immobiler\\\/#breadcrumb\",\"itemListElement\":[{\"@type\":\"ListItem\",\"position\":1,\"name\":\"Home\",\"item\":\"https:\\\/\\\/www.ariannerelocation.com\\\/fr\\\/\"},{\"@type\":\"ListItem\",\"position\":2,\"name\":\"Property Advisory\",\"item\":\"https:\\\/\\\/www.ariannerelocation.com\\\/fr\\\/property-advisory\\\/\"},{\"@type\":\"ListItem\",\"position\":3,\"name\":\"Montreal immobiler\"}]},{\"@type\":\"WebSite\",\"@id\":\"https:\\\/\\\/www.ariannerelocation.com\\\/fr\\\/#website\",\"url\":\"https:\\\/\\\/www.ariannerelocation.com\\\/fr\\\/\",\"name\":\"ARIANNE Relocalisation\",\"description\":\"Relocation guides and services for people moving to Canada\",\"potentialAction\":[{\"@type\":\"SearchAction\",\"target\":{\"@type\":\"EntryPoint\",\"urlTemplate\":\"https:\\\/\\\/www.ariannerelocation.com\\\/fr\\\/?s={search_term_string}\"},\"query-input\":{\"@type\":\"PropertyValueSpecification\",\"valueRequired\":true,\"valueName\":\"search_term_string\"}}],\"inLanguage\":\"fr-FR\"}]}<\/script>\n<!-- \/ Yoast SEO plugin. -->","yoast_head_json":{"title":"Montreal immobiler - ARIANNE Relocalisation","robots":{"index":"index","follow":"follow","max-snippet":"max-snippet:-1","max-image-preview":"max-image-preview:large","max-video-preview":"max-video-preview:-1"},"canonical":"https:\/\/www.ariannerelocation.com\/fr\/property-advisory\/montreal-immobiler\/","og_locale":"fr_FR","og_type":"article","og_title":"Montreal immobiler - ARIANNE Relocalisation","og_url":"https:\/\/www.ariannerelocation.com\/fr\/property-advisory\/montreal-immobiler\/","og_site_name":"ARIANNE Relocalisation","article_publisher":"https:\/\/www.facebook.com\/ariannerelocation\/","article_modified_time":"2026-01-11T22:22:12+00:00","og_image":[{"url":"http:\/\/beta1.ariannerelocation.com\/wp-content\/uploads\/2017\/06\/home-1.jpg","type":"","width":"","height":""}],"twitter_card":"summary_large_image","twitter_misc":{"Dur\u00e9e de lecture estim\u00e9e":"9 minutes"},"schema":{"@context":"https:\/\/schema.org","@graph":[{"@type":"WebPage","@id":"https:\/\/www.ariannerelocation.com\/fr\/property-advisory\/montreal-immobiler\/","url":"https:\/\/www.ariannerelocation.com\/fr\/property-advisory\/montreal-immobiler\/","name":"Montreal immobiler - ARIANNE Relocalisation","isPartOf":{"@id":"https:\/\/www.ariannerelocation.com\/fr\/#website"},"datePublished":"2025-11-27T10:07:29+00:00","dateModified":"2026-01-11T22:22:12+00:00","breadcrumb":{"@id":"https:\/\/www.ariannerelocation.com\/fr\/property-advisory\/montreal-immobiler\/#breadcrumb"},"inLanguage":"fr-FR","potentialAction":[{"@type":"ReadAction","target":["https:\/\/www.ariannerelocation.com\/fr\/property-advisory\/montreal-immobiler\/"]}]},{"@type":"BreadcrumbList","@id":"https:\/\/www.ariannerelocation.com\/fr\/property-advisory\/montreal-immobiler\/#breadcrumb","itemListElement":[{"@type":"ListItem","position":1,"name":"Home","item":"https:\/\/www.ariannerelocation.com\/fr\/"},{"@type":"ListItem","position":2,"name":"Property Advisory","item":"https:\/\/www.ariannerelocation.com\/fr\/property-advisory\/"},{"@type":"ListItem","position":3,"name":"Montreal immobiler"}]},{"@type":"WebSite","@id":"https:\/\/www.ariannerelocation.com\/fr\/#website","url":"https:\/\/www.ariannerelocation.com\/fr\/","name":"ARIANNE Relocalisation","description":"Relocation guides and services for people moving to Canada","potentialAction":[{"@type":"SearchAction","target":{"@type":"EntryPoint","urlTemplate":"https:\/\/www.ariannerelocation.com\/fr\/?s={search_term_string}"},"query-input":{"@type":"PropertyValueSpecification","valueRequired":true,"valueName":"search_term_string"}}],"inLanguage":"fr-FR"}]}},"_links":{"self":[{"href":"https:\/\/www.ariannerelocation.com\/fr\/wp-json\/wp\/v2\/pages\/22052","targetHints":{"allow":["GET"]}}],"collection":[{"href":"https:\/\/www.ariannerelocation.com\/fr\/wp-json\/wp\/v2\/pages"}],"about":[{"href":"https:\/\/www.ariannerelocation.com\/fr\/wp-json\/wp\/v2\/types\/page"}],"author":[{"embeddable":true,"href":"https:\/\/www.ariannerelocation.com\/fr\/wp-json\/wp\/v2\/users\/70"}],"replies":[{"embeddable":true,"href":"https:\/\/www.ariannerelocation.com\/fr\/wp-json\/wp\/v2\/comments?post=22052"}],"version-history":[{"count":39,"href":"https:\/\/www.ariannerelocation.com\/fr\/wp-json\/wp\/v2\/pages\/22052\/revisions"}],"predecessor-version":[{"id":22527,"href":"https:\/\/www.ariannerelocation.com\/fr\/wp-json\/wp\/v2\/pages\/22052\/revisions\/22527"}],"up":[{"embeddable":true,"href":"https:\/\/www.ariannerelocation.com\/fr\/wp-json\/wp\/v2\/pages\/22056"}],"wp:attachment":[{"href":"https:\/\/www.ariannerelocation.com\/fr\/wp-json\/wp\/v2\/media?parent=22052"}],"curies":[{"name":"wp","href":"https:\/\/api.w.org\/{rel}","templated":true}]}}